{"id":20,"date":"2013-09-17T11:47:22","date_gmt":"2013-09-17T10:47:22","guid":{"rendered":"http:\/\/www.leliseron.com\/?page_id=20"},"modified":"2014-01-15T12:13:30","modified_gmt":"2014-01-15T11:13:30","slug":"nos-actions","status":"publish","type":"page","link":"http:\/\/leliseron.com\/?page_id=20","title":{"rendered":"Nos actions"},"content":{"rendered":"<h4><a href=\"http:\/\/www.leliseron.com\/wp-content\/uploads\/2013\/11\/6a00d8341d045d53ef0105369e43bf970c-800wi.jpg\"><img loading=\"lazy\" decoding=\"async\" class=\"size-medium wp-image-333 aligncenter\" alt=\"M\u00e8re enfant et m\u00e9decin\" src=\"http:\/\/www.leliseron.com\/wp-content\/uploads\/2013\/11\/6a00d8341d045d53ef0105369e43bf970c-800wi-300x199.jpg\" width=\"300\" height=\"199\" srcset=\"http:\/\/leliseron.com\/wp-content\/uploads\/2013\/11\/6a00d8341d045d53ef0105369e43bf970c-800wi-300x199.jpg 300w, http:\/\/leliseron.com\/wp-content\/uploads\/2013\/11\/6a00d8341d045d53ef0105369e43bf970c-800wi.jpg 600w\" sizes=\"auto, (max-width: 300px) 100vw, 300px\" \/><\/a><\/h4>\n<h4><\/h4>\n<h4><strong><span style=\"color: #888888;\"><br \/>\nAGIR<\/span> au plus pr\u00e8s dans les services<\/strong><\/h4>\n<p>Permanence journali\u00e8re ou hebdomadaire et visite aupr\u00e8s des malades et des familles dans les services<br \/>\nAm\u00e9nagement de locaux d&rsquo;accueil et de d\u00e9tente<br \/>\nAchat d&rsquo;\u00e9quipement de communication, de confort et de jeux pour les chambres et les salles de jeux et de rencontres<br \/>\nAide \u00e0 l&rsquo;\u00e9cole dans l&rsquo;h\u00f4pital et en milieu familial<br \/>\nAchat de petit mat\u00e9riel m\u00e9dical<br \/>\nR\u00e9unions de travail et formations communes avec les \u00e9quipes soignantes et \u00e9ducatives.<\/p>\n<h4><strong><span style=\"color: #888888;\">AIDER<\/span> les familles \u00e0 l&rsquo;h\u00f4pital et dans leurs lieux de vie.<\/strong><\/h4>\n<p>Soutien financier et psychologique en lien avec les assistantes sociales et les \u00e9quipes soignantes et \u00e9ducatives.<\/p>\n<h4><strong><span style=\"color: #888888;\">ACCOMPAGNER<\/span> les familles qui ont v\u00e9cu la maladie<\/strong><\/h4>\n<p>Constitution de groupes de paroles pour parents d&rsquo;enfants en r\u00e9mission et pour parents endeuill\u00e9s avec accompagnement par des b\u00e9n\u00e9voles du LISERON, par la psychologue et\u00a0 2 ou 3 \u00e9coutants \u00ab\u00a0mobiles\u00a0\u00bb du service p\u00e9diatrique d&rsquo;h\u00e9matologie &#8211; oncologie.<\/p>\n<h4><strong><span style=\"color: #888888;\">AGIR<\/span> au sein d&rsquo;autres associations<\/strong><\/h4>\n<p>Administrateur au <a title=\"CISS-Franche-Comt\u00e9\" href=\"http:\/\/www.leciss.org\/ciss-franche-comt%C3%A9\" target=\"_blank\">CISS<\/a><br \/>\nAdministrateur \u00e0 la <a title=\"La maison des parents\" href=\"http:\/\/www.maison-des-parents.com\/\" target=\"_blank\">Maison des Parents<\/a><br \/>\nAdh\u00e9rent \u00e0 <a title=\"France Moelle Espoir\" href=\"http:\/\/www.france-moelle-espoir.org\/\" target=\"_blank\">France Moelle Espoir<\/a><br \/>\nAdh\u00e9rent \u00e0 l&rsquo;<a title=\"UNAPECLE\" href=\"http:\/\/unapecle.medicalistes.org\/\" target=\"_blank\">UNAPECLE<\/a><br \/>\nMembre actif au <a title=\"Comit\u00e9 de Coordination en canc\u00e9rologie\" href=\"http:\/\/www.chu-besancon.fr\/3c\/\" target=\"_blank\">Comit\u00e9 de Coordination en canc\u00e9rologie<\/a> (3C)<br \/>\nAdh\u00e9rent \u00e0 <a title=\"Semons l'Espoir\" href=\"http:\/\/www.semonslespoir.asso.fr\/\" target=\"_blank\">Semons l&rsquo;Espoir<\/a><br \/>\n&#8230;<\/p>\n<p style=\"text-align: center;\"><span style=\"color: #999999;\">___________________________<\/span><\/p>\n<p style=\"padding-left: 210px;\"><a title=\"Les \u00e9quipes\" href=\"http:\/\/www.leliseron.com\/?page_id=151\">\u2192 L&rsquo;\u00e9quipe m\u00e9dicale<br \/>\n<\/a>\u2192 Activit\u00e9s patient<br \/>\n\u2192 Manifestations adh\u00e9rents<br \/>\n\u2192 Manifestations de soutien<br \/>\n\u2192 Revue de presse<\/p>\n<p>&nbsp;<\/p>\n","protected":false},"excerpt":{"rendered":"<p>AGIR au plus pr\u00e8s dans les services Permanence journali\u00e8re ou hebdomadaire et visite aupr\u00e8s des malades et des familles dans les services Am\u00e9nagement de locaux d&rsquo;accueil et de d\u00e9tente Achat d&rsquo;\u00e9quipement de communication, de confort et de jeux pour les chambres et les salles de jeux et de rencontres Aide &#8230;<\/p>\n","protected":false},"author":1,"featured_media":0,"parent":0,"menu_order":0,"comment_status":"closed","ping_status":"closed","template":"template-content-sidebar.php","meta":{"footnotes":""},"class_list":["post-20","page","type-page","status-publish","hentry","column","threecol"],"_links":{"self":[{"href":"http:\/\/leliseron.com\/index.php?rest_route=\/wp\/v2\/pages\/20","targetHints":{"allow":["GET"]}}],"collection":[{"href":"http:\/\/leliseron.com\/index.php?rest_route=\/wp\/v2\/pages"}],"about":[{"href":"http:\/\/leliseron.com\/index.php?rest_route=\/wp\/v2\/types\/page"}],"author":[{"embeddable":true,"href":"http:\/\/leliseron.com\/index.php?rest_route=\/wp\/v2\/users\/1"}],"replies":[{"embeddable":true,"href":"http:\/\/leliseron.com\/index.php?rest_route=%2Fwp%2Fv2%2Fcomments&post=20"}],"version-history":[{"count":13,"href":"http:\/\/leliseron.com\/index.php?rest_route=\/wp\/v2\/pages\/20\/revisions"}],"predecessor-version":[{"id":243,"href":"http:\/\/leliseron.com\/index.php?rest_route=\/wp\/v2\/pages\/20\/revisions\/243"}],"wp:attachment":[{"href":"http:\/\/leliseron.com\/index.php?rest_route=%2Fwp%2Fv2%2Fmedia&parent=20"}],"curies":[{"name":"wp","href":"https:\/\/api.w.org\/{rel}","templated":true}]}}