{"id":1104,"date":"2014-03-03T15:27:52","date_gmt":"2014-03-03T14:27:52","guid":{"rendered":"http:\/\/www.leliseron.com\/?page_id=1104"},"modified":"2014-03-16T23:46:38","modified_gmt":"2014-03-16T22:46:38","slug":"manifestations-a-lhopital","status":"publish","type":"page","link":"http:\/\/leliseron.com\/?page_id=1104","title":{"rendered":"Manifestations \u00e0 l&rsquo;hopital"},"content":{"rendered":"<h3><strong>\u2022 \u00c9quipe h\u00e9mato adultes<\/strong><\/h3>\n<p><strong>F\u00eate de la musique <\/strong><\/p>\n<p>elle est organis\u00e9e chaque ann\u00e9e autour du 21 juin. Des musiciens viennent nous apporter leur entrain et sont install\u00e9s dans une grande salle de r\u00e9union au sein du service. Nombreux r\u00e9pondent \u00e0 l\u2019appel du Liseron, comme le Groupe de l\u2019Amandier et leurs amis de Brassens, Philippe Thi\u00e9baud imitant la Madeleine Proust, Dany Girard, \u00c9mile P\u00e9quignet et Dany Moureaux avec leurs accord\u00e9ons, la chorale Sirella, Cathy et Andr\u00e9 \u00e0 l\u2019orgue de Barbarie, la chorale de Morre, les \u00c9toiles Noires.<\/p>\n<p>Les b\u00e9n\u00e9voles transform\u00e9s en cuistots pr\u00e9parent des g\u00e2teaux sucr\u00e9s ou sal\u00e9s pour agr\u00e9menter la journ\u00e9e\u00a0et assurent \u00e9galement le service. C\u2019est en g\u00e9n\u00e9ral une all\u00e9e et venue de potences, blouses blanches et visiteurs de 11\u00a0h \u00e0 17\u00a0h\u00a0!<\/p>\n<p>Gr\u00e2ce \u00e0 la complicit\u00e9 des m\u00e9decins, cadres infirmiers et personnel, pour ne pas perturber les soins, tout se d\u00e9roule dans la bonne humeur.<\/p>\n<p>Depuis 2008, les patients hospitalis\u00e9s dans les chambres st\u00e9riles, peuvent ce jour-l\u00e0, s\u2019ils le d\u00e9sirent, profiter d\u2019une s\u00e9r\u00e9nade personnelle.<\/p>\n<p>Recevant de tr\u00e8s bons retours pour ces journ\u00e9es, on peut dire que la musique est une bonne th\u00e9rapie.<\/p>\n<p>&nbsp;<\/p>\n<p><strong>F\u00eate de No\u00ebl<\/strong><\/p>\n<p>C\u2019est une copie conforme de la F\u00eate de la Musique du mois de juin avec en plus un petit cadeau remis \u00e0 chaque patient.<\/p>\n<p style=\"text-align: center;\"><img loading=\"lazy\" decoding=\"async\" class=\"aligncenter size-full wp-image-1052\" style=\"margin-top: 30px; margin-bottom: 30px;\" alt=\"separation\" src=\"http:\/\/www.leliseron.com\/wp-content\/uploads\/2013\/10\/carre-bleu.gif\" width=\"15\" height=\"15\" \/><a href=\"http:\/\/www.leliseron.com\/?cat=17\">&gt;&gt; Actualit\u00e9s des manifestations organis\u00e9es \u00e0 l&rsquo;hopital<\/a><\/p>\n","protected":false},"excerpt":{"rendered":"<p>\u2022 \u00c9quipe h\u00e9mato adultes F\u00eate de la musique elle est organis\u00e9e chaque ann\u00e9e autour du 21 juin. Des musiciens viennent nous apporter leur entrain et sont install\u00e9s dans une grande salle de r\u00e9union au sein du service. Nombreux r\u00e9pondent \u00e0 l\u2019appel du Liseron, comme le Groupe de l\u2019Amandier et leurs &#8230;<\/p>\n","protected":false},"author":1,"featured_media":0,"parent":20,"menu_order":0,"comment_status":"open","ping_status":"closed","template":"","meta":{"footnotes":""},"class_list":["post-1104","page","type-page","status-publish","hentry","column","threecol"],"_links":{"self":[{"href":"http:\/\/leliseron.com\/index.php?rest_route=\/wp\/v2\/pages\/1104","targetHints":{"allow":["GET"]}}],"collection":[{"href":"http:\/\/leliseron.com\/index.php?rest_route=\/wp\/v2\/pages"}],"about":[{"href":"http:\/\/leliseron.com\/index.php?rest_route=\/wp\/v2\/types\/page"}],"author":[{"embeddable":true,"href":"http:\/\/leliseron.com\/index.php?rest_route=\/wp\/v2\/users\/1"}],"replies":[{"embeddable":true,"href":"http:\/\/leliseron.com\/index.php?rest_route=%2Fwp%2Fv2%2Fcomments&post=1104"}],"version-history":[{"count":4,"href":"http:\/\/leliseron.com\/index.php?rest_route=\/wp\/v2\/pages\/1104\/revisions"}],"predecessor-version":[{"id":1115,"href":"http:\/\/leliseron.com\/index.php?rest_route=\/wp\/v2\/pages\/1104\/revisions\/1115"}],"up":[{"embeddable":true,"href":"http:\/\/leliseron.com\/index.php?rest_route=\/wp\/v2\/pages\/20"}],"wp:attachment":[{"href":"http:\/\/leliseron.com\/index.php?rest_route=%2Fwp%2Fv2%2Fmedia&parent=1104"}],"curies":[{"name":"wp","href":"https:\/\/api.w.org\/{rel}","templated":true}]}}